{"id":1351,"date":"2021-07-30T10:27:34","date_gmt":"2021-07-30T08:27:34","guid":{"rendered":"https:\/\/www.its-aerospaziopiemonte.it\/fondazione\/"},"modified":"2023-03-06T13:17:32","modified_gmt":"2023-03-06T11:17:32","slug":"foundation","status":"publish","type":"page","link":"https:\/\/www.its-aerospaziopiemonte.it\/en\/foundation\/","title":{"rendered":"Foundation"},"content":{"rendered":"<p>[et_pb_section fb_built=&#8221;1&#8243; _builder_version=&#8221;4.16&#8243; _module_preset=&#8221;default&#8221; background_color=&#8221;rgba(0,0,0,0.39)&#8221; background_image=&#8221;https:\/\/www.its-aerospaziopiemonte.it\/wp-content\/uploads\/2021\/07\/hero-fondazione.png&#8221; background_position=&#8221;top_center&#8221; background_blend=&#8221;overlay&#8221; custom_padding=&#8221;10%||10%||true|false&#8221; locked=&#8221;off&#8221; global_colors_info=&#8221;{}&#8221;][et_pb_row _builder_version=&#8221;4.16&#8243; _module_preset=&#8221;default&#8221; global_colors_info=&#8221;{}&#8221;][et_pb_column type=&#8221;4_4&#8243; _builder_version=&#8221;4.16&#8243; _module_preset=&#8221;default&#8221; global_colors_info=&#8221;{}&#8221;][et_pb_text admin_label=&#8221;Testo&#8221; _builder_version=&#8221;4.18.0&#8243; _module_preset=&#8221;default&#8221; header_text_align=&#8221;center&#8221; header_text_color=&#8221;#FFFFFF&#8221; header_font_size=&#8221;50px&#8221; global_colors_info=&#8221;{}&#8221;]<\/p>\n<h1>ITS Sustainable Mobility, Mechatronics \/ Piedmont Aerospace<\/h1>\n<p>[\/et_pb_text][et_pb_text disabled_on=&#8221;on|on|on&#8221; _builder_version=&#8221;4.18.0&#8243; _module_preset=&#8221;default&#8221; text_text_color=&#8221;#FFFFFF&#8221; text_font_size=&#8221;20px&#8221; text_orientation=&#8221;center&#8221; disabled=&#8221;on&#8221; global_colors_info=&#8221;{}&#8221;]<\/p>\n<p>Discover the mission of our foundation.<\/p>\n<p>[\/et_pb_text][\/et_pb_column][\/et_pb_row][\/et_pb_section][et_pb_section fb_built=&#8221;1&#8243; disabled_on=&#8221;off|off|off&#8221; _builder_version=&#8221;4.16&#8243; _module_preset=&#8221;default&#8221; custom_padding=&#8221;0px||0px||false|false&#8221; global_colors_info=&#8221;{}&#8221;][et_pb_row column_structure=&#8221;1_2,1_2&#8243; use_custom_gutter=&#8221;on&#8221; gutter_width=&#8221;1&#8243; make_equal=&#8221;on&#8221; _builder_version=&#8221;4.16&#8243; _module_preset=&#8221;default&#8221; width=&#8221;100%&#8221; max_width=&#8221;100%&#8221; custom_padding=&#8221;0px||0px||false|false&#8221; global_colors_info=&#8221;{}&#8221;][et_pb_column type=&#8221;1_2&#8243; _builder_version=&#8221;4.16&#8243; _module_preset=&#8221;default&#8221; background_color=&#8221;rgba(201,30,2,0.21)&#8221; custom_padding=&#8221;4%|4%|4%|4%|true|true&#8221; global_colors_info=&#8221;{}&#8221;][et_pb_text _builder_version=&#8221;4.18.0&#8243; _module_preset=&#8221;default&#8221; header_2_text_align=&#8221;center&#8221; text_orientation=&#8221;center&#8221; custom_padding=&#8221;||5%||false|false&#8221; global_colors_info=&#8221;{}&#8221;]<\/p>\n<h2>Territory<\/h2>\n<p>[\/et_pb_text][et_pb_text _builder_version=&#8221;4.18.0&#8243; _module_preset=&#8221;default&#8221; header_2_text_align=&#8221;center&#8221; text_orientation=&#8221;center&#8221; custom_padding=&#8221;||5%||false|false&#8221; global_colors_info=&#8221;{}&#8221;]<\/p>\n<p>Piedmont is a <strong>land of excellence<\/strong>, also and above all in <strong>technological<\/strong> and <strong>industrial<\/strong> excellences. In this context our ITS is a system hub: a strategic node where the <strong>collaboration between institutions, the working world, the scientific research, and training becomes closer.<\/strong><\/p>\n<p>[\/et_pb_text][\/et_pb_column][et_pb_column type=&#8221;1_2&#8243; _builder_version=&#8221;4.16&#8243; _module_preset=&#8221;default&#8221; background_color=&#8221;rgba(0,120,189,0.18)&#8221; custom_padding=&#8221;4%|4%|4%|4%|true|true&#8221; global_colors_info=&#8221;{}&#8221;][et_pb_text _builder_version=&#8221;4.18.0&#8243; _module_preset=&#8221;default&#8221; header_2_text_align=&#8221;center&#8221; text_orientation=&#8221;center&#8221; custom_padding=&#8221;||5%||false|false&#8221; global_colors_info=&#8221;{}&#8221;]<\/p>\n<h2>ITS Sustainable Mobility Aerospace \/ Mechatronics Foundation<\/h2>\n<p>Born in 2010, Fondazione ITS mobilit\u00e0 sostenibile, meccatronica aerospazio pursues the purpose of <strong>promoting the diffusion of technical and scientific culture, and of sustaining the measures for development of economy and active employment policies.<\/strong><\/p>\n<p>It currently has <strong>over 200 partners<\/strong>, direct and indirect, including Universities and Technical Institutes, Innovation Poles, Local Authorities, Training Agencies and Companies.<\/p>\n<p>[\/et_pb_text][et_pb_button button_url=&#8221;https:\/\/www.its-aerospaziopiemonte.it\/en\/courses\/&#8221; button_text=&#8221;discover the courses&#8221; button_alignment=&#8221;center&#8221; _builder_version=&#8221;4.18.0&#8243; _module_preset=&#8221;default&#8221; custom_button=&#8221;on&#8221; button_text_size=&#8221;18px&#8221; button_text_color=&#8221;#75787D&#8221; button_border_width=&#8221;1px&#8221; button_border_color=&#8221;#75787D&#8221; button_border_radius=&#8221;0px&#8221; button_font=&#8221;Josefin Sans||||||||&#8221; button_use_icon=&#8221;off&#8221; locked=&#8221;off&#8221; global_colors_info=&#8221;{}&#8221; button_bg_color__hover_enabled=&#8221;on|hover&#8221; button_text_color__hover_enabled=&#8221;on|hover&#8221; button_border_color__hover_enabled=&#8221;on|desktop&#8221; button_bg_color__hover=&#8221;#264184&#8243; button_bg_enable_color__hover=&#8221;on&#8221; button_text_color__hover=&#8221;#FFFFFF&#8221; button_border_color__hover=&#8221;#264184&#8243;][\/et_pb_button][\/et_pb_column][\/et_pb_row][\/et_pb_section][et_pb_section fb_built=&#8221;1&#8243; disabled_on=&#8221;on|on|on&#8221; _builder_version=&#8221;4.16&#8243; _module_preset=&#8221;default&#8221; background_image=&#8221;https:\/\/www.its-aerospaziopiemonte.it\/wp-content\/uploads\/2021\/09\/Missione-its-aerospazio.jpg&#8221; parallax=&#8221;on&#8221; parallax_method=&#8221;off&#8221; custom_padding=&#8221;0px||0px||false|false&#8221; disabled=&#8221;on&#8221; global_colors_info=&#8221;{}&#8221;][et_pb_row column_structure=&#8221;1_2,1_2&#8243; _builder_version=&#8221;4.16&#8243; _module_preset=&#8221;default&#8221; background_enable_image=&#8221;off&#8221; background_size=&#8221;contain&#8221; background_position=&#8221;bottom_left&#8221; custom_padding=&#8221;5%||5%||true|false&#8221; global_colors_info=&#8221;{}&#8221;][et_pb_column type=&#8221;1_2&#8243; _builder_version=&#8221;4.16&#8243; _module_preset=&#8221;default&#8221; global_colors_info=&#8221;{}&#8221;][\/et_pb_column][et_pb_column type=&#8221;1_2&#8243; _builder_version=&#8221;4.16&#8243; _module_preset=&#8221;default&#8221; background_color=&#8221;#FFFFFF&#8221; custom_padding=&#8221;3%|3%|3%|3%|true|true&#8221; animation_style=&#8221;fade&#8221; global_colors_info=&#8221;{}&#8221;][et_pb_text _builder_version=&#8221;4.16&#8243; _module_preset=&#8221;default&#8221; header_2_text_align=&#8221;center&#8221; text_orientation=&#8221;center&#8221; global_colors_info=&#8221;{}&#8221;]<\/p>\n<h2>Missione<\/h2>\n<p>Nata nel 2010, Fondazione ITS mobilit\u00e0 sostenibile, meccatronica aerospazio persegue la finalit\u00e0 di <strong>promuovere la diffusione della cultura tecnica e scientifica<\/strong>, di <strong>sostenere le misure per lo sviluppo dell\u2019economia e le politiche attive del lavoro<\/strong>.<\/p>\n<p>Attualmente conta <strong>oltre 200 partner<\/strong>, diretti e indiretti, comprendenti Universit\u00e0 e Istituti Tecnici, Poli di Innovazione, Enti Locali, Agenzie Formative e Aziende.<\/p>\n<p>[\/et_pb_text][et_pb_button button_url=&#8221;\/corsi\/&#8221; button_text=&#8221;scopri i corsi&#8221; button_alignment=&#8221;center&#8221; _builder_version=&#8221;4.16&#8243; _module_preset=&#8221;default&#8221; custom_button=&#8221;on&#8221; button_text_size=&#8221;18px&#8221; button_text_color=&#8221;#75787D&#8221; button_border_width=&#8221;1px&#8221; button_border_color=&#8221;#75787D&#8221; button_border_radius=&#8221;0px&#8221; button_font=&#8221;Josefin Sans||||||||&#8221; button_use_icon=&#8221;off&#8221; locked=&#8221;off&#8221; global_colors_info=&#8221;{}&#8221; button_bg_color__hover_enabled=&#8221;on|hover&#8221; button_text_color__hover_enabled=&#8221;on|hover&#8221; button_border_color__hover_enabled=&#8221;on|desktop&#8221; button_bg_color__hover=&#8221;#264184&#8243; button_bg_enable_color__hover=&#8221;on&#8221; button_text_color__hover=&#8221;#FFFFFF&#8221; button_border_color__hover=&#8221;#264184&#8243;][\/et_pb_button][\/et_pb_column][\/et_pb_row][\/et_pb_section][et_pb_section fb_built=&#8221;1&#8243; disabled_on=&#8221;on|on|on&#8221; _builder_version=&#8221;4.16&#8243; _module_preset=&#8221;default&#8221; background_image=&#8221;https:\/\/www.its-aerospaziopiemonte.it\/wp-content\/uploads\/2021\/07\/mole-torino-its.jpg&#8221; parallax=&#8221;on&#8221; disabled=&#8221;on&#8221; global_colors_info=&#8221;{}&#8221;][et_pb_row column_structure=&#8221;1_2,1_2&#8243; _builder_version=&#8221;4.16&#8243; _module_preset=&#8221;default&#8221; custom_padding=&#8221;7%||7%||true|false&#8221; global_colors_info=&#8221;{}&#8221;][et_pb_column type=&#8221;1_2&#8243; _builder_version=&#8221;4.16&#8243; _module_preset=&#8221;default&#8221; background_color=&#8221;rgba(255,255,255,0.7)&#8221; custom_padding=&#8221;3%|3%|3%|3%|true|true&#8221; animation_style=&#8221;slide&#8221; animation_direction=&#8221;bottom&#8221; global_colors_info=&#8221;{}&#8221;][et_pb_text _builder_version=&#8221;4.16&#8243; _module_preset=&#8221;default&#8221; global_colors_info=&#8221;{}&#8221;]<\/p>\n<h2>Territorio<\/h2>\n<p>[\/et_pb_text][et_pb_text _builder_version=&#8221;4.16&#8243; _module_preset=&#8221;default&#8221; global_colors_info=&#8221;{}&#8221;]<\/p>\n<p>Il Piemonte \u00e8 <strong>terra di eccellenze<\/strong>, anche e soprattutto <strong>tecnologiche<\/strong> e <strong>industriali<\/strong>. In questo contesto il nostro ITS \u00e8 un hub di sistema: un nodo strategico dove si fa pi\u00f9 stretta la <strong>collaborazione tra gli enti, il mondo del lavoro, la ricerca scientifica e la formazione<\/strong>.<\/p>\n<p>[\/et_pb_text][\/et_pb_column][et_pb_column type=&#8221;1_2&#8243; _builder_version=&#8221;4.16&#8243; _module_preset=&#8221;default&#8221; global_colors_info=&#8221;{}&#8221;][\/et_pb_column][\/et_pb_row][\/et_pb_section][et_pb_section fb_built=&#8221;1&#8243; disabled_on=&#8221;on|on|on&#8221; _builder_version=&#8221;4.16&#8243; _module_preset=&#8221;default&#8221; disabled=&#8221;on&#8221; global_colors_info=&#8221;{}&#8221;][et_pb_row column_structure=&#8221;1_2,1_2&#8243; _builder_version=&#8221;4.16&#8243; _module_preset=&#8221;default&#8221; width=&#8221;90%&#8221; max_width=&#8221;100%&#8221; global_colors_info=&#8221;{}&#8221;][et_pb_column type=&#8221;1_2&#8243; _builder_version=&#8221;4.16&#8243; _module_preset=&#8221;default&#8221; global_colors_info=&#8221;{}&#8221;][et_pb_text _builder_version=&#8221;4.16&#8243; _module_preset=&#8221;default&#8221; custom_padding=&#8221;|||3%|false|false&#8221; border_width_left=&#8221;4px&#8221; border_color_left=&#8221;#264184&#8243; global_colors_info=&#8221;{}&#8221;]<\/p>\n<h2>Quali ruoli<\/h2>\n<p>Ogni gruppo di partner gioca un ruolo fondamentale nel permettere al nostro ITS di fornire preparazione d\u2019eccellenza per i nostri studenti.<\/p>\n<p>[\/et_pb_text][et_pb_text _builder_version=&#8221;4.16&#8243; _module_preset=&#8221;default&#8221; custom_padding=&#8221;4%|4%|4%|4%|true|true&#8221; animation_style=&#8221;zoom&#8221; animation_delay=&#8221;200ms&#8221; border_width_all=&#8221;1px&#8221; border_color_all=&#8221;#E4E5E7&#8243; box_shadow_style=&#8221;preset3&#8243; global_colors_info=&#8221;{}&#8221;]<\/p>\n<h3>Aziende<\/h3>\n<ul>\n<li>analisi fabbisogni.<\/li>\n<li>progettazione percorsi.<\/li>\n<li>definizione delle \u2018curvature\u2019 specifiche.<\/li>\n<li>commissione di selezione e di esame finale.<\/li>\n<li>sperimentano tecnologie presso i nostri laboratori.<\/li>\n<li>lavorano con gli studenti in modo strutturato e condiviso con la didattica del corso.<\/li>\n<li>partecipano a focus di orientamento ai giovani, alle scuole, alle famiglie, alle istituzioni.<\/li>\n<li>si formano con noi . i loro tecnici diventano formatori (chi insegna impara due volte!)<\/li>\n<li>ospitano gli studenti in tirocinio o in aaf e li assumono<\/li>\n<\/ul>\n<p>[\/et_pb_text][\/et_pb_column][et_pb_column type=&#8221;1_2&#8243; _builder_version=&#8221;4.16&#8243; _module_preset=&#8221;default&#8221; global_colors_info=&#8221;{}&#8221;][et_pb_text _builder_version=&#8221;4.16&#8243; _module_preset=&#8221;default&#8221; custom_padding=&#8221;4%|4%|4%|4%|true|true&#8221; animation_style=&#8221;zoom&#8221; animation_delay=&#8221;400ms&#8221; border_width_all=&#8221;1px&#8221; border_color_all=&#8221;#E4E5E7&#8243; box_shadow_style=&#8221;preset3&#8243; global_colors_info=&#8221;{}&#8221;]<\/p>\n<h3>MESAP<\/h3>\n<ul>\n<li>favorisce le connessioni con le aziende del territorio (pitch&amp;meet).<\/li>\n<li>ci coinvolge in iniziative con centri di ricerca, universita\u2019.<\/li>\n<li>promuove le attivita\u2019 della fondazione.<\/li>\n<li>organizza webinar cui partecipano i nostri studenti (sistemi intelligenti e manifattura avanzata).<\/li>\n<li>informa.<\/li>\n<\/ul>\n<p>[\/et_pb_text][et_pb_text _builder_version=&#8221;4.16&#8243; _module_preset=&#8221;default&#8221; custom_padding=&#8221;4%|4%|4%|4%|true|true&#8221; animation_style=&#8221;zoom&#8221; animation_delay=&#8221;600ms&#8221; border_width_all=&#8221;1px&#8221; border_color_all=&#8221;#E4E5E7&#8243; box_shadow_style=&#8221;preset3&#8243; global_colors_info=&#8221;{}&#8221;]<\/p>\n<h3>Universit\u00e0<\/h3>\n<ul>\n<li>docenza specialistica.<\/li>\n<li>sviluppo progetti condivisi: tesisti e tirocinanti universitari\/studenti ITS(es camera termovuoto, cablaggio Leonardo, collaudo satelliti).<\/li>\n<li>condivisione laboratori<\/li>\n<\/ul>\n<p>[\/et_pb_text][\/et_pb_column][\/et_pb_row][\/et_pb_section][et_pb_section fb_built=&#8221;1&#8243; _builder_version=&#8221;4.16&#8243; _module_preset=&#8221;default&#8221; global_colors_info=&#8221;{}&#8221;][\/et_pb_section][et_pb_section fb_built=&#8221;1&#8243; _builder_version=&#8221;4.16&#8243; _module_preset=&#8221;default&#8221; background_image=&#8221;https:\/\/www.its-aerospaziopiemonte.it\/wp-content\/uploads\/2021\/11\/its-la-fondazione.jpeg&#8221; parallax=&#8221;on&#8221; parallax_method=&#8221;off&#8221; custom_padding=&#8221;0px||5%||false|false&#8221; global_colors_info=&#8221;{}&#8221;][et_pb_row _builder_version=&#8221;4.16&#8243; _module_preset=&#8221;default&#8221; custom_padding=&#8221;0px||4%||false|false&#8221; global_colors_info=&#8221;{}&#8221;][et_pb_column type=&#8221;4_4&#8243; _builder_version=&#8221;4.16&#8243; _module_preset=&#8221;default&#8221; global_colors_info=&#8221;{}&#8221;][et_pb_text _builder_version=&#8221;4.18.0&#8243; _module_preset=&#8221;default&#8221; header_2_font=&#8221;|||on|||||&#8221; header_2_text_align=&#8221;center&#8221; header_2_text_color=&#8221;#FFFFFF&#8221; background_color=&#8221;#264184&#8243; width=&#8221;50%&#8221; module_alignment=&#8221;center&#8221; custom_margin=&#8221;-3%||||false|false&#8221; custom_padding=&#8221;2%||1%||false|false&#8221; global_colors_info=&#8221;{}&#8221;]<\/p>\n<h2>Which roles<\/h2>\n<p>[\/et_pb_text][\/et_pb_column][\/et_pb_row][et_pb_row column_structure=&#8221;1_2,1_2&#8243; _builder_version=&#8221;4.16&#8243; _module_preset=&#8221;default&#8221; background_color=&#8221;rgba(255,255,255,0.9)&#8221; width=&#8221;90%&#8221; max_width=&#8221;100%&#8221; custom_padding=&#8221;|2%||2%|false|true&#8221; global_colors_info=&#8221;{}&#8221;][et_pb_column type=&#8221;1_2&#8243; _builder_version=&#8221;4.16&#8243; _module_preset=&#8221;default&#8221; background_enable_color=&#8221;off&#8221; global_colors_info=&#8221;{}&#8221;][et_pb_text _builder_version=&#8221;4.16&#8243; _module_preset=&#8221;default&#8221; global_colors_info=&#8221;{}&#8221;]<\/p>\n<p>Each partner group has a fundamental role to allow us provide excellence preparation to our students.<\/p>\n<ul><\/ul>\n<p>[\/et_pb_text][et_pb_text _builder_version=&#8221;4.18.0&#8243; _module_preset=&#8221;default&#8221; custom_padding=&#8221;|||2%|false|false&#8221; border_width_left=&#8221;3px&#8221; border_color_left=&#8221;#264184&#8243; global_colors_info=&#8221;{}&#8221;]<\/p>\n<h3>Companies<\/h3>\n<ul>\n<li>take part in the analysis of needs<\/li>\n<li>contribute to the design of the courses<\/li>\n<li>direct the definition of specific \u2018curves\u2019<\/li>\n<li>take part in the selection and final exam committees<\/li>\n<li>experiment with technologies in our laboratories<\/li>\n<li>work with students in a structured method that\u2019s coherent with the course of study.<\/li>\n<li>participate to guidance focus dedicated to young people, to schools, to families, and to institutions<\/li>\n<li>provide their technicians as trainers so they also train with us (who teaches learns twice!)<\/li>\n<li>host the students in internships or High Education Apprenticeships<\/li>\n<\/ul>\n<ul><\/ul>\n<p>[\/et_pb_text][\/et_pb_column][et_pb_column type=&#8221;1_2&#8243; _builder_version=&#8221;4.16&#8243; _module_preset=&#8221;default&#8221; global_colors_info=&#8221;{}&#8221;][et_pb_text _builder_version=&#8221;4.18.0&#8243; _module_preset=&#8221;default&#8221; custom_padding=&#8221;|||2%|false|false&#8221; border_width_left=&#8221;3px&#8221; border_color_left=&#8221;#264184&#8243; global_colors_info=&#8221;{}&#8221;]<\/p>\n<h3>Local authorities and innovation hubs<\/h3>\n<ul>\n<li>promote connections with companies in the territory (pitch&amp;meet).<\/li>\n<li>involve us with projects with research centers, universities,..<\/li>\n<li>promote the foundation\u2019s activities<\/li>\n<li>organize webinars in which our students participate (intelligent systems and advanced manufacturing)<\/li>\n<li>create innovation<\/li>\n<\/ul>\n<ul><\/ul>\n<p>[\/et_pb_text][et_pb_text _builder_version=&#8221;4.18.0&#8243; _module_preset=&#8221;default&#8221; custom_padding=&#8221;|||2%|false|false&#8221; border_width_left=&#8221;3px&#8221; border_color_left=&#8221;#264184&#8243; global_colors_info=&#8221;{}&#8221;]<\/p>\n<h3>Training institutions and universities<\/h3>\n<ul>\n<li>\n<p>provide specialist lectures<\/p>\n<\/li>\n<li>\n<p>develop shared projects with us which involve thesis students and trainees<\/p>\n<\/li>\n<li>\n<p>university\/ITS students (e. g. thermal vacuum chamber, Leonardo cabling, satellite testing).<\/p>\n<\/li>\n<li>\n<p>share laboratories<\/p>\n<p>&nbsp;<\/p>\n<\/li>\n<\/ul>\n<p>[\/et_pb_text][\/et_pb_column][\/et_pb_row][\/et_pb_section][et_pb_section fb_built=&#8221;1&#8243; _builder_version=&#8221;4.16&#8243; _module_preset=&#8221;default&#8221; box_shadow_style=&#8221;preset3&#8243; global_colors_info=&#8221;{}&#8221;][et_pb_row _builder_version=&#8221;4.16&#8243; _module_preset=&#8221;default&#8221; global_colors_info=&#8221;{}&#8221;][et_pb_column type=&#8221;4_4&#8243; _builder_version=&#8221;4.16&#8243; _module_preset=&#8221;default&#8221; global_colors_info=&#8221;{}&#8221;][et_pb_text _builder_version=&#8221;4.18.0&#8243; _module_preset=&#8221;default&#8221; header_2_text_align=&#8221;center&#8221; global_colors_info=&#8221;{}&#8221;]<\/p>\n<h2>THE FOUNDING MEMBERS<\/h2>\n<h2>partner of the foundation<\/h2>\n<p>[\/et_pb_text][et_pb_divider color=&#8221;#264184&#8243; divider_weight=&#8221;2px&#8221; _builder_version=&#8221;4.16&#8243; _module_preset=&#8221;default&#8221; width=&#8221;40%&#8221; module_alignment=&#8221;center&#8221; global_colors_info=&#8221;{}&#8221;][\/et_pb_divider][\/et_pb_column][\/et_pb_row][et_pb_row column_structure=&#8221;1_4,1_4,1_4,1_4&#8243; _builder_version=&#8221;4.16&#8243; _module_preset=&#8221;default&#8221; global_colors_info=&#8221;{}&#8221;][et_pb_column type=&#8221;1_4&#8243; _builder_version=&#8221;4.16&#8243; _module_preset=&#8221;default&#8221; global_colors_info=&#8221;{}&#8221;][et_pb_image src=&#8221;https:\/\/www.its-aerospaziopiemonte.it\/wp-content\/uploads\/2021\/07\/politecnico-torino-partner-fondazione-its.png&#8221; alt=&#8221;Politecnico Torino \u00e8 socio fondatore e partner di Fondazione ITS Torino&#8221; title_text=&#8221;Politecnico Torino \u00e8 socio fondatore e partner di Fondazione ITS Torino&#8221; align=&#8221;center&#8221; _builder_version=&#8221;4.16&#8243; _module_preset=&#8221;default&#8221; module_alignment=&#8221;center&#8221; max_height=&#8221;80px&#8221; global_colors_info=&#8221;{}&#8221;][\/et_pb_image][\/et_pb_column][et_pb_column type=&#8221;1_4&#8243; _builder_version=&#8221;4.16&#8243; _module_preset=&#8221;default&#8221; global_colors_info=&#8221;{}&#8221;][et_pb_image src=&#8221;https:\/\/www.its-aerospaziopiemonte.it\/wp-content\/uploads\/2021\/07\/upo-socio-fondazione-its-torino.png&#8221; alt=&#8221;Universit\u00e0 del Piemonte Orientale \u00e8 socio fondatore e partner di Fondazione ITS&#8221; title_text=&#8221;Universit\u00e0 del Piemonte Orientale \u00e8 socio fondatore e partner di Fondazione ITS&#8221; align=&#8221;center&#8221; _builder_version=&#8221;4.16&#8243; _module_preset=&#8221;default&#8221; module_alignment=&#8221;center&#8221; max_height=&#8221;80px&#8221; global_colors_info=&#8221;{}&#8221;][\/et_pb_image][\/et_pb_column][et_pb_column type=&#8221;1_4&#8243; _builder_version=&#8221;4.16&#8243; _module_preset=&#8221;default&#8221; global_colors_info=&#8221;{}&#8221;][\/et_pb_column][et_pb_column type=&#8221;1_4&#8243; _builder_version=&#8221;4.16&#8243; _module_preset=&#8221;default&#8221; global_colors_info=&#8221;{}&#8221;][\/et_pb_column][\/et_pb_row][et_pb_row column_structure=&#8221;1_4,1_4,1_4,1_4&#8243; _builder_version=&#8221;4.16&#8243; _module_preset=&#8221;default&#8221; global_colors_info=&#8221;{}&#8221;][et_pb_column type=&#8221;1_4&#8243; _builder_version=&#8221;4.16&#8243; _module_preset=&#8221;default&#8221; global_colors_info=&#8221;{}&#8221;][et_pb_image src=&#8221;https:\/\/www.its-aerospaziopiemonte.it\/wp-content\/uploads\/2021\/07\/enaip-partner-fondazione-its.jpg&#8221; alt=&#8221;Enaip \u00e8 partner di Fondazione ITS&#8221; title_text=&#8221;Enaip \u00e8 partner di Fondazione ITS&#8221; align=&#8221;center&#8221; _builder_version=&#8221;4.16&#8243; _module_preset=&#8221;default&#8221; module_alignment=&#8221;center&#8221; max_height=&#8221;80px&#8221; global_colors_info=&#8221;{}&#8221;][\/et_pb_image][\/et_pb_column][et_pb_column type=&#8221;1_4&#8243; _builder_version=&#8221;4.16&#8243; _module_preset=&#8221;default&#8221; global_colors_info=&#8221;{}&#8221;][et_pb_image src=&#8221;https:\/\/www.its-aerospaziopiemonte.it\/wp-content\/uploads\/2021\/07\/cnosfap-partner-fondazione-its-torino.png&#8221; alt=&#8221;Cnosfap \u00e8 socio fondatore e partner di Fondazione ITS&#8221; title_text=&#8221;Cnosfap \u00e8 socio fondatore e partner di Fondazione ITS&#8221; align=&#8221;center&#8221; _builder_version=&#8221;4.16&#8243; _module_preset=&#8221;default&#8221; module_alignment=&#8221;center&#8221; max_height=&#8221;80px&#8221; global_colors_info=&#8221;{}&#8221;][\/et_pb_image][\/et_pb_column][et_pb_column type=&#8221;1_4&#8243; _builder_version=&#8221;4.16&#8243; _module_preset=&#8221;default&#8221; global_colors_info=&#8221;{}&#8221;][et_pb_image src=&#8221;https:\/\/www.its-aerospaziopiemonte.it\/wp-content\/uploads\/2021\/07\/immaginazione-e-lavoro-partner-fondazione-its.jpg&#8221; alt=&#8221;Immaginazione e Lavoro \u00e8 partner di Fondazione ITS Torino&#8221; title_text=&#8221;Immaginazione e Lavoro \u00e8 partner di Fondazione ITS Torino&#8221; align=&#8221;center&#8221; _builder_version=&#8221;4.16&#8243; _module_preset=&#8221;default&#8221; module_alignment=&#8221;center&#8221; max_height=&#8221;80px&#8221; global_colors_info=&#8221;{}&#8221;][\/et_pb_image][\/et_pb_column][et_pb_column type=&#8221;1_4&#8243; _builder_version=&#8221;4.16&#8243; _module_preset=&#8221;default&#8221; global_colors_info=&#8221;{}&#8221;][et_pb_image src=&#8221;https:\/\/www.its-aerospaziopiemonte.it\/wp-content\/uploads\/2021\/07\/assocam-socio-fondazione-its.png&#8221; alt=&#8221;Assocam e la partnership con Fondazione ITS&#8221; title_text=&#8221;Assocam e la partnership con Fondazione ITS&#8221; align=&#8221;center&#8221; _builder_version=&#8221;4.16&#8243; _module_preset=&#8221;default&#8221; module_alignment=&#8221;center&#8221; max_height=&#8221;80px&#8221; global_colors_info=&#8221;{}&#8221;][\/et_pb_image][\/et_pb_column][\/et_pb_row][et_pb_row column_structure=&#8221;1_4,1_4,1_4,1_4&#8243; _builder_version=&#8221;4.16&#8243; _module_preset=&#8221;default&#8221; global_colors_info=&#8221;{}&#8221;][et_pb_column type=&#8221;1_4&#8243; _builder_version=&#8221;4.16&#8243; _module_preset=&#8221;default&#8221; global_colors_info=&#8221;{}&#8221;][et_pb_image src=&#8221;https:\/\/www.its-aerospaziopiemonte.it\/wp-content\/uploads\/2021\/07\/natta-collabora-con-fondazione-its.png&#8221; alt=&#8221;IIS Giulio Natta \u00e8 partner di ITS Torino&#8221; title_text=&#8221;IIS Giulio Natta \u00e8 partner di ITS Torino&#8221; align=&#8221;center&#8221; _builder_version=&#8221;4.16&#8243; _module_preset=&#8221;default&#8221; module_alignment=&#8221;center&#8221; max_height=&#8221;80px&#8221; global_colors_info=&#8221;{}&#8221;][\/et_pb_image][\/et_pb_column][et_pb_column type=&#8221;1_4&#8243; _builder_version=&#8221;4.16&#8243; _module_preset=&#8221;default&#8221; global_colors_info=&#8221;{}&#8221;][et_pb_image src=&#8221;https:\/\/www.its-aerospaziopiemonte.it\/wp-content\/uploads\/2021\/07\/partner-vallauri-di-its-piemonte.png&#8221; alt=&#8221;Il partner Vallauri di Fondazione ITS&#8221; title_text=&#8221;Il partner Vallauri di Fondazione ITS&#8221; align=&#8221;center&#8221; _builder_version=&#8221;4.16&#8243; _module_preset=&#8221;default&#8221; module_alignment=&#8221;center&#8221; max_height=&#8221;80px&#8221; global_colors_info=&#8221;{}&#8221;][\/et_pb_image][\/et_pb_column][et_pb_column type=&#8221;1_4&#8243; _builder_version=&#8221;4.16&#8243; _module_preset=&#8221;default&#8221; global_colors_info=&#8221;{}&#8221;][et_pb_image src=&#8221;https:\/\/www.its-aerospaziopiemonte.it\/wp-content\/uploads\/2021\/07\/leonardo-aircfraft-partner-fondazione-its.gif&#8221; alt=&#8221;Leonardo Aircfraft \u00e8 partner di ITS Piemonte&#8221; title_text=&#8221;Leonardo Aircfraft \u00e8 partner di ITS Piemonte&#8221; align=&#8221;center&#8221; _builder_version=&#8221;4.16&#8243; _module_preset=&#8221;default&#8221; module_alignment=&#8221;center&#8221; max_height=&#8221;80px&#8221; global_colors_info=&#8221;{}&#8221;][\/et_pb_image][\/et_pb_column][et_pb_column type=&#8221;1_4&#8243; _builder_version=&#8221;4.16&#8243; _module_preset=&#8221;default&#8221; global_colors_info=&#8221;{}&#8221;][et_pb_image src=&#8221;https:\/\/www.its-aerospaziopiemonte.it\/wp-content\/uploads\/2021\/07\/mesap-partner-fondazione-its.jpg&#8221; alt=&#8221;Mesap \u00e8 socio fondatore e partner di Fondazione ITS&#8221; title_text=&#8221;Mesap \u00e8 socio fondatore e partner di Fondazione ITS&#8221; align=&#8221;center&#8221; _builder_version=&#8221;4.16&#8243; _module_preset=&#8221;default&#8221; module_alignment=&#8221;center&#8221; max_height=&#8221;80px&#8221; global_colors_info=&#8221;{}&#8221;][\/et_pb_image][\/et_pb_column][\/et_pb_row][et_pb_row column_structure=&#8221;1_4,1_4,1_4,1_4&#8243; _builder_version=&#8221;4.16&#8243; _module_preset=&#8221;default&#8221; global_colors_info=&#8221;{}&#8221;][et_pb_column type=&#8221;1_4&#8243; _builder_version=&#8221;4.16&#8243; _module_preset=&#8221;default&#8221; global_colors_info=&#8221;{}&#8221;][et_pb_image src=&#8221;https:\/\/www.its-aerospaziopiemonte.it\/wp-content\/uploads\/2021\/07\/unione-industriale-torino-partner-its.jpg&#8221; alt=&#8221;Unione Industriale Torino \u00e8 partner di ITS&#8221; title_text=&#8221;Unione Industriale Torino \u00e8 partner di ITS&#8221; align=&#8221;center&#8221; _builder_version=&#8221;4.16&#8243; _module_preset=&#8221;default&#8221; module_alignment=&#8221;center&#8221; max_height=&#8221;80px&#8221; global_colors_info=&#8221;{}&#8221;][\/et_pb_image][\/et_pb_column][et_pb_column type=&#8221;1_4&#8243; _builder_version=&#8221;4.16&#8243; _module_preset=&#8221;default&#8221; global_colors_info=&#8221;{}&#8221;][et_pb_image src=&#8221;https:\/\/www.its-aerospaziopiemonte.it\/wp-content\/uploads\/2021\/07\/confindustria-partner-fondazione-its.jpg&#8221; title_text=&#8221;Confindustria Novara Vercelli Valsesia \u00e8 partner di Fondazione ITS&#8221; align=&#8221;center&#8221; _builder_version=&#8221;4.16&#8243; _module_preset=&#8221;default&#8221; module_alignment=&#8221;center&#8221; max_height=&#8221;80px&#8221; global_colors_info=&#8221;{}&#8221;][\/et_pb_image][\/et_pb_column][et_pb_column type=&#8221;1_4&#8243; _builder_version=&#8221;4.16&#8243; _module_preset=&#8221;default&#8221; global_colors_info=&#8221;{}&#8221;][et_pb_image src=&#8221;https:\/\/www.its-aerospaziopiemonte.it\/wp-content\/uploads\/2021\/07\/amma-partner-fondazione-its.jpg&#8221; alt=&#8221;AMMA \u00e8 partner di Fondazione ITS&#8221; title_text=&#8221;AMMA \u00e8 partner di Fondazione ITS&#8221; align=&#8221;center&#8221; _builder_version=&#8221;4.16&#8243; _module_preset=&#8221;default&#8221; module_alignment=&#8221;center&#8221; max_height=&#8221;80px&#8221; global_colors_info=&#8221;{}&#8221;][\/et_pb_image][\/et_pb_column][et_pb_column type=&#8221;1_4&#8243; _builder_version=&#8221;4.16&#8243; _module_preset=&#8221;default&#8221; global_colors_info=&#8221;{}&#8221;][\/et_pb_column][\/et_pb_row][et_pb_row column_structure=&#8221;1_4,1_4,1_4,1_4&#8243; _builder_version=&#8221;4.16&#8243; _module_preset=&#8221;default&#8221; global_colors_info=&#8221;{}&#8221;][et_pb_column type=&#8221;1_4&#8243; _builder_version=&#8221;4.16&#8243; _module_preset=&#8221;default&#8221; global_colors_info=&#8221;{}&#8221;][et_pb_image src=&#8221;https:\/\/www.its-aerospaziopiemonte.it\/wp-content\/uploads\/2021\/07\/provincia-novara-partner-fondazione-its.png&#8221; alt=&#8221;Provincia di Novara \u00e8 partner di Fondazione ITS&#8221; title_text=&#8221;Provincia di Novara \u00e8 partner di Fondazione ITS&#8221; align=&#8221;center&#8221; _builder_version=&#8221;4.16&#8243; _module_preset=&#8221;default&#8221; module_alignment=&#8221;center&#8221; max_height=&#8221;80px&#8221; global_colors_info=&#8221;{}&#8221;][\/et_pb_image][\/et_pb_column][et_pb_column type=&#8221;1_4&#8243; _builder_version=&#8221;4.16&#8243; _module_preset=&#8221;default&#8221; global_colors_info=&#8221;{}&#8221;][et_pb_image src=&#8221;https:\/\/www.its-aerospaziopiemonte.it\/wp-content\/uploads\/2021\/07\/citta-torino-partner-fondazione-its-1.png&#8221; alt=&#8221;citt\u00e0 metropolitana Torino \u00e8 partner di ITS &#8221; title_text=&#8221;citt\u00e0 metropolitana Torino \u00e8 partner di ITS &#8221; align=&#8221;center&#8221; _builder_version=&#8221;4.16&#8243; _module_preset=&#8221;default&#8221; module_alignment=&#8221;center&#8221; max_height=&#8221;80px&#8221; global_colors_info=&#8221;{}&#8221;][\/et_pb_image][\/et_pb_column][et_pb_column type=&#8221;1_4&#8243; _builder_version=&#8221;4.16&#8243; _module_preset=&#8221;default&#8221; global_colors_info=&#8221;{}&#8221;][\/et_pb_column][et_pb_column type=&#8221;1_4&#8243; _builder_version=&#8221;4.16&#8243; _module_preset=&#8221;default&#8221; global_colors_info=&#8221;{}&#8221;][\/et_pb_column][\/et_pb_row][et_pb_row _builder_version=&#8221;4.16&#8243; _module_preset=&#8221;default&#8221; global_colors_info=&#8221;{}&#8221;][et_pb_column type=&#8221;4_4&#8243; _builder_version=&#8221;4.16&#8243; _module_preset=&#8221;default&#8221; global_colors_info=&#8221;{}&#8221;][et_pb_button button_url=&#8221;https:\/\/www.its-aerospaziopiemonte.it\/en\/collaboration-with-companies\/&#8221; button_text=&#8221;collaborate with us&#8221; button_alignment=&#8221;center&#8221; _builder_version=&#8221;4.18.0&#8243; _module_preset=&#8221;default&#8221; custom_button=&#8221;on&#8221; button_text_size=&#8221;18px&#8221; button_text_color=&#8221;#75787D&#8221; button_border_width=&#8221;1px&#8221; button_border_color=&#8221;#75787D&#8221; button_border_radius=&#8221;0px&#8221; button_font=&#8221;Josefin Sans|||on|||||&#8221; button_use_icon=&#8221;off&#8221; locked=&#8221;off&#8221; global_colors_info=&#8221;{}&#8221; button_bg_color__hover_enabled=&#8221;on|hover&#8221; button_text_color__hover_enabled=&#8221;on|hover&#8221; button_border_color__hover_enabled=&#8221;on|desktop&#8221; button_bg_color__hover=&#8221;#264184&#8243; button_bg_enable_color__hover=&#8221;on&#8221; button_text_color__hover=&#8221;#FFFFFF&#8221; button_border_color__hover=&#8221;#264184&#8243;][\/et_pb_button][\/et_pb_column][\/et_pb_row][\/et_pb_section][et_pb_section fb_built=&#8221;1&#8243; _builder_version=&#8221;4.16&#8243; _module_preset=&#8221;default&#8221; background_color=&#8221;rgba(117,120,125,0.07)&#8221; global_colors_info=&#8221;{}&#8221;][et_pb_row _builder_version=&#8221;4.16&#8243; _module_preset=&#8221;default&#8221; width=&#8221;90%&#8221; max_width=&#8221;100%&#8221; global_colors_info=&#8221;{}&#8221;][et_pb_column type=&#8221;4_4&#8243; _builder_version=&#8221;4.16&#8243; _module_preset=&#8221;default&#8221; global_colors_info=&#8221;{}&#8221;][et_pb_text _builder_version=&#8221;4.18.0&#8243; _module_preset=&#8221;default&#8221; header_2_text_align=&#8221;center&#8221; border_width_bottom=&#8221;2px&#8221; border_color_bottom=&#8221;#264184&#8243; global_colors_info=&#8221;{}&#8221;]<\/p>\n<h2>Transparent foundation<\/h2>\n<p>[\/et_pb_text][\/et_pb_column][\/et_pb_row][et_pb_row column_structure=&#8221;1_2,1_2&#8243; _builder_version=&#8221;4.16&#8243; _module_preset=&#8221;default&#8221; width=&#8221;90%&#8221; max_width=&#8221;100%&#8221; global_colors_info=&#8221;{}&#8221;][et_pb_column type=&#8221;1_2&#8243; _builder_version=&#8221;4.16&#8243; _module_preset=&#8221;default&#8221; global_colors_info=&#8221;{}&#8221;][et_pb_text ul_item_indent=&#8221;30px&#8221; _builder_version=&#8221;4.18.0&#8243; _module_preset=&#8221;default&#8221; link_text_color=&#8221;#264184&#8243; custom_margin=&#8221;||2%||false|false&#8221; custom_padding=&#8221;||||false|false&#8221; link_text_color_last_edited=&#8221;off|desktop&#8221; global_colors_info=&#8221;{}&#8221; link_text_color__hover_enabled=&#8221;on|hover&#8221; link_text_color__hover=&#8221;#0078BD&#8221;]<\/p>\n<h3>Statute<\/h3>\n<p>Download the STATUTE of Fondazione ITS Mobilit\u00e0 sostenibile \u2013 Aerospazio\/Meccatronica here.<\/p>\n<h3>Fulfillments pursuant to art. 1, subsection 125 of law n. 124\/2017<\/h3>\n<p>We communicate that, pursuant to Law n. 124\/2017, subsection 125-129 of art. 1, Annual law for market and competition, the Fondazione ITS Mobilit\u00e0 sostenibile \u2013 Aerospazio\/Meccatronica received, from the Public Administration, for carrying out the training courses financed and activated by the Higher Technical Institute (I.T.S.), the following contributions (per calendar year):<\/p>\n<p>[\/et_pb_text][et_pb_text ul_item_indent=&#8221;30px&#8221; _builder_version=&#8221;4.16&#8243; _module_preset=&#8221;default&#8221; text_font_size=&#8221;16px&#8221; link_text_color=&#8221;#264184&#8243; text_orientation=&#8221;center&#8221; link_text_color_last_edited=&#8221;off|desktop&#8221; global_colors_info=&#8221;{}&#8221; link_text_color__hover_enabled=&#8221;on|hover&#8221; link_text_color__hover=&#8221;#0078BD&#8221;]<\/p>\n<p><a href=\"\/wp-content\/uploads\/2021\/11\/FONDAZIONE-Obblighi-Trasparenza_finanziamenti-2018.pdf\" target=\"_blank\" rel=\"noopener\">2018<\/a> | <a href=\"\/wp-content\/uploads\/2021\/11\/FONDAZIONE-Obblighi-Trasparenza_finanziamenti-2019.pdf\" target=\"_blank\" rel=\"noopener\">2019<\/a> | <a href=\"\/wp-content\/uploads\/2021\/11\/FONDAZIONE-Obblighi-Trasparenza_finanziamenti-2020.pdf\" target=\"_blank\" rel=\"noopener\">2020<\/a> | <a href=\"\/wp-content\/uploads\/2021\/11\/FONDAZIONE-Obblighi-Trasparenza_finanziamenti-2021.pdf\" target=\"_blank\" rel=\"noopener\">2021<\/a>|<a href=\"https:\/\/www.its-aerospaziopiemonte.it\/wp-content\/uploads\/2022\/06\/FONDAZIONE-Obblighi-Trasparenza_finanziamenti_2022.pdf\" target=\"_blank\" rel=\"noopener\">2022<\/a><\/p>\n<p>[\/et_pb_text][et_pb_text _builder_version=&#8221;4.18.0&#8243; _module_preset=&#8221;default&#8221; global_colors_info=&#8221;{}&#8221;]<\/p>\n<p><span style=\"font-weight: 400;\">Fondazione ITS per la Mobilit\u00e0 Sostenibile Aerospazio\/Meccatronica of Piedmont is co-financed by the call for proposals\u00a0<strong>POR FSE 2014\/2020<\/strong>\u00a0Support for the system of professional training to recover after the Coronavirus emergency<\/span><\/p>\n<p>[\/et_pb_text][\/et_pb_column][et_pb_column type=&#8221;1_2&#8243; _builder_version=&#8221;4.16&#8243; _module_preset=&#8221;default&#8221; global_colors_info=&#8221;{}&#8221;][et_pb_text _builder_version=&#8221;4.18.0&#8243; _module_preset=&#8221;default&#8221; custom_margin=&#8221;||1%||false|false&#8221; global_colors_info=&#8221;{}&#8221;]<\/p>\n<h3>Statutory bodies of the foundation<\/h3>\n<p>The President and all the members of the statutory bodies listed below do not receive any indemnity, remuneration or reimbursement of expenses for their work.<\/p>\n<p>[\/et_pb_text][et_pb_toggle title=&#8221;Board of direction&#8221; icon_color=&#8221;#264184&#8243; _builder_version=&#8221;4.18.0&#8243; _module_preset=&#8221;default&#8221; custom_margin=&#8221;||0px||false|false&#8221; border_width_all=&#8221;0px&#8221; border_width_bottom=&#8221;1px&#8221; global_colors_info=&#8221;{}&#8221;]<\/p>\n<ul>\n<li>Presidente Serra Stefano &#8211; A.M.M.A.<\/li>\n<li>Iotti Pierpaolo &#8211; Leonardo Divisione Velivoli<\/li>\n<li>Esposito Rita &#8211; IIS Giulio Natta<\/li>\n<li>Liardi Filippo Cosma &#8211; I.T.I.S. Giacomo Fauser<\/li>\n<li>Rosi Riccardo &#8211; Unione Industriale Torino<\/li>\n<li>Dalla Rosa Marco &#8211; Associazione Industriali Di Novara<\/li>\n<li>Guglieri Giorgio<\/li>\n<li>Azzara&#8217; Barbara &#8211; Citta&#8217; Metropolitana Di Torino<\/li>\n<li>Crivelli Andrea &#8211; Provincia Di Novara<\/li>\n<li>Daniele Claudio &#8211; Enaip Piemonte<\/li>\n<li>Giulio Genti &#8211; Immaginazione E Lavoro<\/li>\n<li>Vallero Carlo &#8211; Associazione Cnos-Fap Regione Piemonte<\/li>\n<li>Anna Menozzi (17\/03\/2021) &#8211; &#8220;Universita&#8217; Degli Studi Del Piemonte Orientale &#8211; &#8220;&#8221;Amedeo Avogadro&#8221;&#8221;Dipartimento Di Studi Per L&#8217;economia E L&#8217;impresa&#8221;<\/li>\n<li>Cortese Paolo &#8211; I.I.S. G. Vallauri<\/li>\n<li>Dondo Paolo &#8211; M.E.S.A.P.<\/li>\n<li>Occhetta Aldo &#8211; Revisore Conti<\/li>\n<\/ul>\n<p>[\/et_pb_toggle][et_pb_toggle title=&#8221;Executive Board&#8221; icon_color=&#8221;#264184&#8243; _builder_version=&#8221;4.18.0&#8243; _module_preset=&#8221;default&#8221; custom_margin=&#8221;||0px||false|false&#8221; border_width_all=&#8221;0px&#8221; border_width_bottom=&#8221;1px&#8221; global_colors_info=&#8221;{}&#8221;]<\/p>\n<ul>\n<li>Serra Stefano &#8211; Amma<\/li>\n<li>Iotti Pierpaolo &#8211; Leonardo Divisione Velivoli<\/li>\n<li>Esposito Rita &#8211; Iis Giulio Natta (Scuola Di Riferimento Della Fondazione)<\/li>\n<li>Monica Tarchi &#8211; Citt\u00e0 Metropolitana Di Torino<\/li>\n<li>Rossitti Giovanni &#8211; Associazione Industriali Di Novara<\/li>\n<li>Daniele Claudio &#8211; Enaip Piemonte &#8211; Rappresentanza Agenzie Formative<\/li>\n<li>Pilone Sigfrido &#8211; Segreteria Its<\/li>\n<li>Liardi Filippo Cosma &#8211; I.T.I.S. Giacomo Fauser<\/li>\n<li>Messidoro Piero &#8211; Presidente Cts<\/li>\n<li>Occhetta Aldo &#8211; Revisore Conti<\/li>\n<\/ul>\n<p>[\/et_pb_toggle][et_pb_toggle title=&#8221;Technical-scientific committee&#8221; icon_color=&#8221;#264184&#8243; _builder_version=&#8221;4.18.0&#8243; _module_preset=&#8221;default&#8221; custom_margin=&#8221;||0px||false|false&#8221; border_width_all=&#8221;0px&#8221; border_width_bottom=&#8221;1px&#8221; global_colors_info=&#8221;{}&#8221;]<\/p>\n<ul>\n<li>Ing. Messidoro Piero &#8211; Presidente CTS<\/li>\n<li>Ing. Giachino Daniela &#8211; Leonardo Company<\/li>\n<li>Ing. Piviotti Claudio &#8211; Assocam Scuola Camerana<\/li>\n<li>Ing. Furxhi Mario Guido &#8211; Fidia Spa<\/li>\n<li>Ing. Dondo Paolo &#8211; Mesap<\/li>\n<li>Cerutti Antonio &#8211; ENAIP Piemonte<\/li>\n<li>Ing. Lobascio Cesare &#8211; Thales Alenia Space<\/li>\n<li>Prof. Iuliano Luca &#8211; Politecnico Torino<\/li>\n<\/ul>\n<p>[\/et_pb_toggle][et_pb_toggle title=&#8221;Auditor&#8221; icon_color=&#8221;#264184&#8243; _builder_version=&#8221;4.18.0&#8243; _module_preset=&#8221;default&#8221; custom_margin=&#8221;||0px||false|false&#8221; border_width_all=&#8221;0px&#8221; border_width_bottom=&#8221;1px&#8221; global_colors_info=&#8221;{}&#8221;]<\/p>\n<p>Occhetta Aldo &#8211; Revisore Conti<\/p>\n<p>[\/et_pb_toggle][\/et_pb_column][\/et_pb_row][\/et_pb_section][et_pb_section fb_built=&#8221;1&#8243; _builder_version=&#8221;4.16&#8243; _module_preset=&#8221;default&#8221; background_color=&#8221;#264184&#8243; background_image=&#8221;https:\/\/www.its-aerospaziopiemonte.it\/wp-content\/uploads\/2021\/07\/footer-bg.png&#8221; custom_padding=&#8221;0px||||false|false&#8221; saved_tabs=&#8221;all&#8221; global_colors_info=&#8221;{}&#8221; global_module=&#8221;1630&#8243; theme_builder_area=&#8221;post_content&#8221;][et_pb_row custom_padding_last_edited=&#8221;on|phone&#8221; _builder_version=&#8221;4.16&#8243; _module_preset=&#8221;default&#8221; background_color=&#8221;#FFFFFF&#8221; width=&#8221;100%&#8221; max_width=&#8221;100%&#8221; custom_padding=&#8221;0px|20%|0px|20%|false|true&#8221; custom_padding_tablet=&#8221;&#8221; custom_padding_phone=&#8221;|10%||10%|false|true&#8221; box_shadow_style=&#8221;preset1&#8243; global_colors_info=&#8221;{}&#8221; theme_builder_area=&#8221;post_content&#8221;][et_pb_column type=&#8221;4_4&#8243; _builder_version=&#8221;4.16&#8243; _module_preset=&#8221;default&#8221; global_colors_info=&#8221;{}&#8221; theme_builder_area=&#8221;post_content&#8221;][et_pb_image src=&#8221;https:\/\/www.its-aerospaziopiemonte.it\/wp-content\/uploads\/2023\/03\/enti-collaboratori-fondazione-its-2023.jpg&#8221; alt=&#8221;Enti collaboratori Fondazione ITS&#8221; title_text=&#8221;enti-collaboratori-fondazione-its-2023&#8243; _builder_version=&#8221;4.19.4&#8243; _module_preset=&#8221;default&#8221; global_colors_info=&#8221;{}&#8221; theme_builder_area=&#8221;post_content&#8221;][\/et_pb_image][\/et_pb_column][\/et_pb_row][et_pb_row _builder_version=&#8221;4.16&#8243; _module_preset=&#8221;default&#8221; custom_padding=&#8221;4%||||false|false&#8221; global_colors_info=&#8221;{}&#8221; theme_builder_area=&#8221;post_content&#8221;][et_pb_column type=&#8221;4_4&#8243; _builder_version=&#8221;4.16&#8243; _module_preset=&#8221;default&#8221; global_colors_info=&#8221;{}&#8221; theme_builder_area=&#8221;post_content&#8221;][et_pb_text _builder_version=&#8221;4.18.0&#8243; _module_preset=&#8221;default&#8221; header_3_text_align=&#8221;center&#8221; header_3_text_color=&#8221;#FFFFFF&#8221; global_colors_info=&#8221;{}&#8221; theme_builder_area=&#8221;post_content&#8221;]<\/p>\n<h3>Contact us<\/h3>\n<p>[\/et_pb_text][et_pb_text _builder_version=&#8221;4.18.0&#8243; _module_preset=&#8221;default&#8221; text_text_color=&#8221;#FFFFFF&#8221; link_font=&#8221;||||on||||&#8221; link_text_color=&#8221;#FFFFFF&#8221; text_orientation=&#8221;center&#8221; global_colors_info=&#8221;{}&#8221; theme_builder_area=&#8221;post_content&#8221;]<\/p>\n<p><strong>Address:<\/strong><br \/>Via Braccini, 17, 10141 Torino<\/p>\n<p><strong>Telephone:<\/strong><br \/><a href=\"tel:0113828476\">011 3828476<\/a><\/p>\n<p><strong>Email:<\/strong><\/p>\n<p><a href=\"mailto:orientamento@its-aerospaziopiemonte.it\">orientamento@its-aerospaziopiemonte.it<\/a><br \/><a href=\"mailto:info@its-aerospaziopiemonte.it\"><\/a><\/p>\n<p>[\/et_pb_text][et_pb_social_media_follow _builder_version=&#8221;4.16&#8243; _module_preset=&#8221;default&#8221; text_orientation=&#8221;center&#8221; global_colors_info=&#8221;{}&#8221; theme_builder_area=&#8221;post_content&#8221;][et_pb_social_media_follow_network social_network=&#8221;facebook&#8221; url=&#8221;https:\/\/www.facebook.com\/ITSMECCATRONICAPIEMONTE\/&#8221; icon_color=&#8221;#FFFFFF&#8221; _builder_version=&#8221;4.16&#8243; _module_preset=&#8221;default&#8221; background_enable_color=&#8221;off&#8221; border_radii=&#8221;on|50px|50px|50px|50px&#8221; border_width_all=&#8221;1px&#8221; border_color_all=&#8221;rgba(255,255,255,0.39)&#8221; global_colors_info=&#8221;{}&#8221; theme_builder_area=&#8221;post_content&#8221; follow_button=&#8221;off&#8221; url_new_window=&#8221;on&#8221;]facebook[\/et_pb_social_media_follow_network][et_pb_social_media_follow_network social_network=&#8221;linkedin&#8221; url=&#8221;https:\/\/www.linkedin.com\/company\/its-mobilit%C3%A0-sostenibile-aerospazio-meccatronica\/&#8221; icon_color=&#8221;#FFFFFF&#8221; _builder_version=&#8221;4.16&#8243; _module_preset=&#8221;default&#8221; background_color=&#8221;#007bb6&#8243; background_enable_color=&#8221;off&#8221; border_radii=&#8221;on|50px|50px|50px|50px&#8221; border_width_all=&#8221;1px&#8221; border_color_all=&#8221;rgba(255,255,255,0.39)&#8221; global_colors_info=&#8221;{}&#8221; theme_builder_area=&#8221;post_content&#8221; follow_button=&#8221;off&#8221; url_new_window=&#8221;on&#8221;]linkedin[\/et_pb_social_media_follow_network][et_pb_social_media_follow_network social_network=&#8221;youtube&#8221; url=&#8221;https:\/\/www.youtube.com\/channel\/UCGs_VvD3infJv05xS1zZmJw&#8221; icon_color=&#8221;#FFFFFF&#8221; _builder_version=&#8221;4.16&#8243; _module_preset=&#8221;default&#8221; background_color=&#8221;#a82400&#8243; background_enable_color=&#8221;off&#8221; border_radii=&#8221;on|50px|50px|50px|50px&#8221; border_width_all=&#8221;1px&#8221; border_color_all=&#8221;rgba(255,255,255,0.39)&#8221; global_colors_info=&#8221;{}&#8221; theme_builder_area=&#8221;post_content&#8221; follow_button=&#8221;off&#8221; url_new_window=&#8221;on&#8221;]youtube[\/et_pb_social_media_follow_network][et_pb_social_media_follow_network social_network=&#8221;instagram&#8221; url=&#8221;https:\/\/www.instagram.com\/its_aerospazio_meccatronica\/&#8221; icon_color=&#8221;#FFFFFF&#8221; _builder_version=&#8221;4.16&#8243; _module_preset=&#8221;default&#8221; background_color=&#8221;#ea2c59&#8243; background_enable_color=&#8221;off&#8221; border_radii=&#8221;on|50px|50px|50px|50px&#8221; border_width_all=&#8221;1px&#8221; border_color_all=&#8221;rgba(255,255,255,0.39)&#8221; global_colors_info=&#8221;{}&#8221; theme_builder_area=&#8221;post_content&#8221; follow_button=&#8221;off&#8221; url_new_window=&#8221;on&#8221;]instagram[\/et_pb_social_media_follow_network][\/et_pb_social_media_follow][et_pb_text disabled_on=&#8221;on|on|on&#8221; _builder_version=&#8221;4.16&#8243; _module_preset=&#8221;default&#8221; text_font=&#8221;||on||||||&#8221; text_text_color=&#8221;#FFFFFF&#8221; link_font=&#8221;||||on||||&#8221; link_text_color=&#8221;#FFFFFF&#8221; text_orientation=&#8221;center&#8221; custom_margin=&#8221;||1%||false|false&#8221; custom_padding=&#8221;||||false|false&#8221; disabled=&#8221;on&#8221; global_colors_info=&#8221;{}&#8221; theme_builder_area=&#8221;post_content&#8221;]<\/p>\n<p>Trasparenza | Lavora con noi<\/p>\n<p>[\/et_pb_text][et_pb_divider color=&#8221;rgba(255,255,255,0.29)&#8221; _builder_version=&#8221;4.16&#8243; _module_preset=&#8221;default&#8221; width=&#8221;50%&#8221; module_alignment=&#8221;center&#8221; global_colors_info=&#8221;{}&#8221; theme_builder_area=&#8221;post_content&#8221;][\/et_pb_divider][et_pb_text _builder_version=&#8221;4.16&#8243; _module_preset=&#8221;default&#8221; text_text_color=&#8221;#FFFFFF&#8221; text_orientation=&#8221;center&#8221; global_colors_info=&#8221;{}&#8221; theme_builder_area=&#8221;post_content&#8221;]<\/p>\n<p>\u00a9 2022 ITS &#8211; Mobilit\u00e0 sostenibile Aerospazio\/Meccatronica Piemonte.<br \/>PEC: its-aerospazio-meccatronica@pecsoci.ui.torino.it | C.F: 97734420017 | All rights reserved.<\/p>\n<p>[\/et_pb_text][\/et_pb_column][\/et_pb_row][\/et_pb_section]<\/p>\n","protected":false},"excerpt":{"rendered":"<p>ITS Sustainable Mobility, Mechatronics \/ Piedmont AerospaceDiscover the mission of our foundation.TerritoryPiedmont is a land of excellence, also and above all in technological and industrial excellences. In this context our ITS is a system hub: a strategic node where the collaboration between institutions, the working world, the scientific research, and training becomes closer.ITS Sustainable Mobility [&hellip;]<\/p>\n","protected":false},"author":1,"featured_media":0,"parent":0,"menu_order":0,"comment_status":"closed","ping_status":"closed","template":"","meta":{"_et_pb_use_builder":"on","_et_pb_old_content":"","_et_gb_content_width":"","footnotes":""},"class_list":["post-1351","page","type-page","status-publish","hentry"],"yoast_head":"<!-- This site is optimized with the Yoast SEO plugin v27.1.1 - https:\/\/yoast.com\/product\/yoast-seo-wordpress\/ -->\n<title>Foundazion ITS Turin - Mechatronic Aerospace Piedmont<\/title>\n<meta name=\"description\" content=\"Foundazion ITS Turin Sustainable Mobility Aerospace \/ Mechatronics. Thanks to the 200 Partners we provide excellent preparations. Find out more!\" \/>\n<meta name=\"robots\" content=\"index, follow, max-snippet:-1, max-image-preview:large, max-video-preview:-1\" \/>\n<link rel=\"canonical\" href=\"https:\/\/www.its-aerospaziopiemonte.it\/en\/foundation\/\" \/>\n<meta property=\"og:locale\" content=\"en_US\" \/>\n<meta property=\"og:type\" content=\"article\" \/>\n<meta property=\"og:title\" content=\"Foundazion ITS Turin - Mechatronic Aerospace Piedmont\" \/>\n<meta property=\"og:description\" content=\"Foundazion ITS Turin Sustainable Mobility Aerospace \/ Mechatronics. Thanks to the 200 Partners we provide excellent preparations. Find out more!\" \/>\n<meta property=\"og:url\" content=\"https:\/\/www.its-aerospaziopiemonte.it\/en\/foundation\/\" \/>\n<meta property=\"og:site_name\" content=\"Fondazione ITS\" \/>\n<meta property=\"article:modified_time\" content=\"2023-03-06T11:17:32+00:00\" \/>\n<meta name=\"twitter:card\" content=\"summary_large_image\" \/>\n<meta name=\"twitter:label1\" content=\"Est. reading time\" \/>\n\t<meta name=\"twitter:data1\" content=\"23 minutes\" \/>\n<script type=\"application\/ld+json\" class=\"yoast-schema-graph\">{\"@context\":\"https:\/\/schema.org\",\"@graph\":[{\"@type\":\"WebPage\",\"@id\":\"https:\/\/www.its-aerospaziopiemonte.it\/en\/foundation\/\",\"url\":\"https:\/\/www.its-aerospaziopiemonte.it\/en\/foundation\/\",\"name\":\"Foundazion ITS Turin - Mechatronic Aerospace Piedmont\",\"isPartOf\":{\"@id\":\"https:\/\/www.its-aerospaziopiemonte.it\/#website\"},\"datePublished\":\"2021-07-30T08:27:34+00:00\",\"dateModified\":\"2023-03-06T11:17:32+00:00\",\"description\":\"Foundazion ITS Turin Sustainable Mobility Aerospace \/ Mechatronics. Thanks to the 200 Partners we provide excellent preparations. Find out more!\",\"breadcrumb\":{\"@id\":\"https:\/\/www.its-aerospaziopiemonte.it\/en\/foundation\/#breadcrumb\"},\"inLanguage\":\"en-US\",\"potentialAction\":[{\"@type\":\"ReadAction\",\"target\":[\"https:\/\/www.its-aerospaziopiemonte.it\/en\/foundation\/\"]}]},{\"@type\":\"BreadcrumbList\",\"@id\":\"https:\/\/www.its-aerospaziopiemonte.it\/en\/foundation\/#breadcrumb\",\"itemListElement\":[{\"@type\":\"ListItem\",\"position\":1,\"name\":\"Home\",\"item\":\"https:\/\/www.its-aerospaziopiemonte.it\/\"},{\"@type\":\"ListItem\",\"position\":2,\"name\":\"Foundation\"}]},{\"@type\":\"WebSite\",\"@id\":\"https:\/\/www.its-aerospaziopiemonte.it\/#website\",\"url\":\"https:\/\/www.its-aerospaziopiemonte.it\/\",\"name\":\"Fondazione ITS\",\"description\":\"Istituto Tecnico Superiore AEROSPAZIO PIEMONTE\",\"potentialAction\":[{\"@type\":\"SearchAction\",\"target\":{\"@type\":\"EntryPoint\",\"urlTemplate\":\"https:\/\/www.its-aerospaziopiemonte.it\/?s={search_term_string}\"},\"query-input\":{\"@type\":\"PropertyValueSpecification\",\"valueRequired\":true,\"valueName\":\"search_term_string\"}}],\"inLanguage\":\"en-US\"}]}<\/script>\n<!-- \/ Yoast SEO plugin. -->","yoast_head_json":{"title":"Foundazion ITS Turin - Mechatronic Aerospace Piedmont","description":"Foundazion ITS Turin Sustainable Mobility Aerospace \/ Mechatronics. Thanks to the 200 Partners we provide excellent preparations. Find out more!","robots":{"index":"index","follow":"follow","max-snippet":"max-snippet:-1","max-image-preview":"max-image-preview:large","max-video-preview":"max-video-preview:-1"},"canonical":"https:\/\/www.its-aerospaziopiemonte.it\/en\/foundation\/","og_locale":"en_US","og_type":"article","og_title":"Foundazion ITS Turin - Mechatronic Aerospace Piedmont","og_description":"Foundazion ITS Turin Sustainable Mobility Aerospace \/ Mechatronics. Thanks to the 200 Partners we provide excellent preparations. Find out more!","og_url":"https:\/\/www.its-aerospaziopiemonte.it\/en\/foundation\/","og_site_name":"Fondazione ITS","article_modified_time":"2023-03-06T11:17:32+00:00","twitter_card":"summary_large_image","twitter_misc":{"Est. reading time":"23 minutes"},"schema":{"@context":"https:\/\/schema.org","@graph":[{"@type":"WebPage","@id":"https:\/\/www.its-aerospaziopiemonte.it\/en\/foundation\/","url":"https:\/\/www.its-aerospaziopiemonte.it\/en\/foundation\/","name":"Foundazion ITS Turin - Mechatronic Aerospace Piedmont","isPartOf":{"@id":"https:\/\/www.its-aerospaziopiemonte.it\/#website"},"datePublished":"2021-07-30T08:27:34+00:00","dateModified":"2023-03-06T11:17:32+00:00","description":"Foundazion ITS Turin Sustainable Mobility Aerospace \/ Mechatronics. Thanks to the 200 Partners we provide excellent preparations. Find out more!","breadcrumb":{"@id":"https:\/\/www.its-aerospaziopiemonte.it\/en\/foundation\/#breadcrumb"},"inLanguage":"en-US","potentialAction":[{"@type":"ReadAction","target":["https:\/\/www.its-aerospaziopiemonte.it\/en\/foundation\/"]}]},{"@type":"BreadcrumbList","@id":"https:\/\/www.its-aerospaziopiemonte.it\/en\/foundation\/#breadcrumb","itemListElement":[{"@type":"ListItem","position":1,"name":"Home","item":"https:\/\/www.its-aerospaziopiemonte.it\/"},{"@type":"ListItem","position":2,"name":"Foundation"}]},{"@type":"WebSite","@id":"https:\/\/www.its-aerospaziopiemonte.it\/#website","url":"https:\/\/www.its-aerospaziopiemonte.it\/","name":"Fondazione ITS","description":"Istituto Tecnico Superiore AEROSPAZIO PIEMONTE","potentialAction":[{"@type":"SearchAction","target":{"@type":"EntryPoint","urlTemplate":"https:\/\/www.its-aerospaziopiemonte.it\/?s={search_term_string}"},"query-input":{"@type":"PropertyValueSpecification","valueRequired":true,"valueName":"search_term_string"}}],"inLanguage":"en-US"}]}},"_links":{"self":[{"href":"https:\/\/www.its-aerospaziopiemonte.it\/en\/wp-json\/wp\/v2\/pages\/1351","targetHints":{"allow":["GET"]}}],"collection":[{"href":"https:\/\/www.its-aerospaziopiemonte.it\/en\/wp-json\/wp\/v2\/pages"}],"about":[{"href":"https:\/\/www.its-aerospaziopiemonte.it\/en\/wp-json\/wp\/v2\/types\/page"}],"author":[{"embeddable":true,"href":"https:\/\/www.its-aerospaziopiemonte.it\/en\/wp-json\/wp\/v2\/users\/1"}],"replies":[{"embeddable":true,"href":"https:\/\/www.its-aerospaziopiemonte.it\/en\/wp-json\/wp\/v2\/comments?post=1351"}],"version-history":[{"count":8,"href":"https:\/\/www.its-aerospaziopiemonte.it\/en\/wp-json\/wp\/v2\/pages\/1351\/revisions"}],"predecessor-version":[{"id":1633,"href":"https:\/\/www.its-aerospaziopiemonte.it\/en\/wp-json\/wp\/v2\/pages\/1351\/revisions\/1633"}],"wp:attachment":[{"href":"https:\/\/www.its-aerospaziopiemonte.it\/en\/wp-json\/wp\/v2\/media?parent=1351"}],"curies":[{"name":"wp","href":"https:\/\/api.w.org\/{rel}","templated":true}]}}